{"id":13522,"date":"2024-08-11T04:51:33","date_gmt":"2024-08-11T02:51:33","guid":{"rendered":"https:\/\/boboyaga.ch\/actualites\/"},"modified":"2026-02-16T12:08:31","modified_gmt":"2026-02-16T11:08:31","slug":"actualites","status":"publish","type":"page","link":"https:\/\/boboyaga.ch\/fr\/actualites\/","title":{"rendered":"Media &amp; press"},"content":{"rendered":"\t\t<div data-elementor-type=\"wp-page\" data-elementor-id=\"13522\" class=\"elementor elementor-13522 elementor-7183\">\n\t\t\t\t<div class=\"elementor-element elementor-element-1aca9fe e-flex e-con-boxed e-con e-parent\" data-id=\"1aca9fe\" data-element_type=\"container\" data-settings=\"{&quot;background_background&quot;:&quot;classic&quot;}\">\n\t\t\t\t\t<div class=\"e-con-inner\">\n\t\t\t\t\t<\/div>\n\t\t\t\t<\/div>\n\t\t<div class=\"elementor-element elementor-element-1e1769d e-flex e-con-boxed e-con e-parent\" data-id=\"1e1769d\" data-element_type=\"container\">\n\t\t\t\t\t<div class=\"e-con-inner\">\n\t\t\t\t<div class=\"elementor-element elementor-element-af14507 elementor-widget elementor-widget-heading\" data-id=\"af14507\" data-element_type=\"widget\" data-widget_type=\"heading.default\">\n\t\t\t\t<div class=\"elementor-widget-container\">\n\t\t\t\t\t<h3 class=\"elementor-heading-title elementor-size-default\">Voleuse de m\u00e9moires. Histoires d'Alzheimer et d'autres maladies neurod\u00e9g\u00e9n\u00e9ratives <\/h3>\t\t\t\t<\/div>\n\t\t\t\t<\/div>\n\t\t\t\t<div class=\"elementor-element elementor-element-61f794e elementor-widget elementor-widget-text-editor\" data-id=\"61f794e\" data-element_type=\"widget\" data-widget_type=\"text-editor.default\">\n\t\t\t\t<div class=\"elementor-widget-container\">\n\t\t\t\t\t\t\t\t\t<p>oct. 2025 &#8211; pr\u00e9sentation sur www.agevillage.com\/actualites\/g\u00e9ographie-de-loubli-voleuse-de-m\u00e9moire-deux-livres-singuliers-autour-de-la-maladie-dalzheimer <\/p>\n<p>f\u00e9v. 2026 &#8211; cha\u00eene YouTube de la maison d&rsquo;\u00e9dition &nbsp;<a href=\"https:\/\/www.youtube.com\/watch?v=MyVmGD9vGdI\">(Litt\u00e9rature, Cr\u00e9ation litt\u00e9raire) Voleuse de m\u00e9moires &#8211; Manuela Bonfanti &#8211; YouTube<\/a><\/p>\n<p><\/p>\t\t\t\t\t\t\t\t<\/div>\n\t\t\t\t<\/div>\n\t\t\t\t\t<\/div>\n\t\t\t\t<\/div>\n\t\t<div class=\"elementor-element elementor-element-234e41f e-flex e-con-boxed e-con e-parent\" data-id=\"234e41f\" data-element_type=\"container\">\n\t\t\t\t\t<div class=\"e-con-inner\">\n\t\t\t\t<div class=\"elementor-element elementor-element-3731f8d elementor-widget elementor-widget-heading\" data-id=\"3731f8d\" data-element_type=\"widget\" data-widget_type=\"heading.default\">\n\t\t\t\t<div class=\"elementor-widget-container\">\n\t\t\t\t\t<h3 class=\"elementor-heading-title elementor-size-default\">Autoritratti di signora<\/h3>\t\t\t\t<\/div>\n\t\t\t\t<\/div>\n\t\t\t\t<div class=\"elementor-element elementor-element-9bcce71 elementor-widget elementor-widget-text-editor\" data-id=\"9bcce71\" data-element_type=\"widget\" data-widget_type=\"text-editor.default\">\n\t\t\t\t<div class=\"elementor-widget-container\">\n\t\t\t\t\t\t\t\t\t<p><a href=\"https:\/\/www.rsi.ch\/rete-uno\/programmi\/intrattenimento\/tra-le-righe\/Autoritratti-di-signora--2650452.html\">6.3.2025 &#8211; Tra le righe &#8211; interview radio Rete 1<\/a><\/p><p><a href=\"https:\/\/www.rsi.ch\/rete-due\/programmi\/cultura\/alphaville\/%E2%80%9CAutoritratti-di-signora%E2%80%9D--2719333.html\">1.5.2025 &#8211; Alphaville &#8211; interview radio Rete 2<\/a><\/p><p><a href=\"https:\/\/lua.it\/pubblicazioni\/autoritratti-signora-recensione-roberto-scanarotti\/\">4.5.2025 &#8211; Libera universit\u00e0 dell&rsquo;autobiografia &#8211; critique<\/a><\/p>\t\t\t\t\t\t\t\t<\/div>\n\t\t\t\t<\/div>\n\t\t\t\t\t<\/div>\n\t\t\t\t<\/div>\n\t\t<div class=\"elementor-element elementor-element-283b271 e-flex e-con-boxed e-con e-parent\" data-id=\"283b271\" data-element_type=\"container\">\n\t\t\t\t\t<div class=\"e-con-inner\">\n\t\t\t\t<div class=\"elementor-element elementor-element-5736d69 elementor-widget elementor-widget-heading\" data-id=\"5736d69\" data-element_type=\"widget\" data-widget_type=\"heading.default\">\n\t\t\t\t<div class=\"elementor-widget-container\">\n\t\t\t\t\t<h3 class=\"elementor-heading-title elementor-size-default\">Ladra di memorie<\/h3>\t\t\t\t<\/div>\n\t\t\t\t<\/div>\n\t\t\t\t<div class=\"elementor-element elementor-element-98dab18 elementor-widget elementor-widget-text-editor\" data-id=\"98dab18\" data-element_type=\"widget\" data-widget_type=\"text-editor.default\">\n\t\t\t\t<div class=\"elementor-widget-container\">\n\t\t\t\t\t\t\t\t\t<p><a href=\"https:\/\/lua.it\/pubblicazioni\/ladra-memorie-recensione-roberto-scanarotti\/\" target=\"_blank\" rel=\"noopener\">22.2.2022 &#8211; Universit\u00e9 libre de l&rsquo;autobiographie, revue par Roberto Scanarotti<\/a><\/p><p>07.03.2022 &#8211; Association Alzheimer Rome<\/p><p><a href=\"https:\/\/www.65piu.ch\/news\/ladra-di-memorie-storie-di-alzheimer-e-altre-malattie-neurocognitive\/\" target=\"_blank\" rel=\"noopener\">14.03.2022 &#8211; 65pi\u00f9.ch<\/a><\/p><p><a href=\"https:\/\/www.laregione.ch\/cantone\/locarnese\/1662401\/alzheimer-ticino-libro-sguardo-demenza\" target=\"_blank\" rel=\"noopener\">23.04.2022 &#8211; la Regione<\/a><\/p><p><a href=\"https:\/\/www.facebook.com\/watch\/?v=1047366952561916\" target=\"_blank\" rel=\"noopener\">26.06.2022 &#8211; Interview vid\u00e9o, COnscious Ageing Group Como<\/a><\/p><p><a href=\"https:\/\/www.facebook.com\/manuelabonfantiautrice\/videos\/694106955247557\">Vid\u00e9o de pr\u00e9sentation<\/a><\/p>\t\t\t\t\t\t\t\t<\/div>\n\t\t\t\t<\/div>\n\t\t\t\t\t<\/div>\n\t\t\t\t<\/div>\n\t\t<div class=\"elementor-element elementor-element-8ecbba5 e-flex e-con-boxed e-con e-parent\" data-id=\"8ecbba5\" data-element_type=\"container\">\n\t\t\t\t\t<div class=\"e-con-inner\">\n\t\t\t\t<div class=\"elementor-element elementor-element-db47814 elementor-widget elementor-widget-heading\" data-id=\"db47814\" data-element_type=\"widget\" data-widget_type=\"heading.default\">\n\t\t\t\t<div class=\"elementor-widget-container\">\n\t\t\t\t\t<h3 class=\"elementor-heading-title elementor-size-default\">Punti e interrogativi<\/h3>\t\t\t\t<\/div>\n\t\t\t\t<\/div>\n\t\t\t\t<div class=\"elementor-element elementor-element-740f1a4 elementor-widget elementor-widget-text-editor\" data-id=\"740f1a4\" data-element_type=\"widget\" data-widget_type=\"text-editor.default\">\n\t\t\t\t<div class=\"elementor-widget-container\">\n\t\t\t\t\t\t\t\t\t<p><a href=\"https:\/\/www.robertamarcaccio.com\/2017\/01\/10\/lora-del-te-chiacchierando-in-salotto-con-manuela-bonfanti\/\" target=\"_blank\" rel=\"noopener\">10.01.2017 &#8211; Interview \u00e0 L&rsquo;ora del t\u00e8<\/a><\/p><p><a href=\"http:\/\/www.upsidedownmagazine.it\/punti-e-interrogativi-intervista-esclusiva-a-manuela-bonfanti\/\" target=\"_blank\" rel=\"noopener\">18.03.2017 &#8211; Interview dans le magazine Upsidedown<\/a><\/p><p><a href=\"https:\/\/bookavenue.it\/i-punti-e-gli-interrogativi-della-vita-raccontati-da-manuela-bonfanti\/\" target=\"_blank\" rel=\"noopener\">16.04.2017 &#8211; Critique sur Bookavenue.co.uk par Carla Casazza, \u00e9crivain et blogueuse litt\u00e9raire<\/a><\/p><p><a href=\"https:\/\/alberidalibro.blogspot.com\/2017\/05\/writers-generation-20-presentazione.html\" target=\"_blank\" rel=\"noopener\">14.05.2017 &#8211; Revue de presse sur Book Trees<\/a><\/p><p><a href=\"https:\/\/www.facebook.com\/Libersfera\/posts\/400551900340823?pnref=story\" target=\"_blank\" rel=\"noopener\">12.08.2017 &#8211; Interview dans Libersphere<\/a><\/p>\t\t\t\t\t\t\t\t<\/div>\n\t\t\t\t<\/div>\n\t\t\t\t\t<\/div>\n\t\t\t\t<\/div>\n\t\t<div class=\"elementor-element elementor-element-69e4a70 e-flex e-con-boxed e-con e-parent\" data-id=\"69e4a70\" data-element_type=\"container\">\n\t\t\t\t\t<div class=\"e-con-inner\">\n\t\t\t\t<div class=\"elementor-element elementor-element-a5494b0 elementor-widget elementor-widget-heading\" data-id=\"a5494b0\" data-element_type=\"widget\" data-widget_type=\"heading.default\">\n\t\t\t\t<div class=\"elementor-widget-container\">\n\t\t\t\t\t<h3 class=\"elementor-heading-title elementor-size-default\">La lettera G<\/h3>\t\t\t\t<\/div>\n\t\t\t\t<\/div>\n\t\t\t\t<div class=\"elementor-element elementor-element-85c92a9 elementor-widget elementor-widget-text-editor\" data-id=\"85c92a9\" data-element_type=\"widget\" data-widget_type=\"text-editor.default\">\n\t\t\t\t<div class=\"elementor-widget-container\">\n\t\t\t\t\t\t\t\t\t<p><a href=\"https:\/\/manuelabonfanti.wordpress.com\/wp-content\/uploads\/2014\/03\/un-sessantennio-con-gli-occhi-di-gina.pdf\" target=\"_blank\" rel=\"noopener\">Giulia Maria Ciarpaglini &#8211; Un sessantennio con gli occhi di Gina &#8211; in Leggere Donna Literary Magazine &#8211; Janvier 2014  <\/a><\/p><p><a href=\"http:\/\/ilcorrieredelverbano.it\/cms\/donne-che-non-poterono-ballare-e-sciogliere-i-capelli\" target=\"_blank\" rel=\"noopener\">Elena Ciuti &#8211; Des femmes qui ne savaient pas danser et qui laissaient tomber leurs cheveux &#8211; Il Corriere del Verbano &#8211; 25.12.2013<\/a><\/p><p> <\/p>\t\t\t\t\t\t\t\t<\/div>\n\t\t\t\t<\/div>\n\t\t\t\t\t<\/div>\n\t\t\t\t<\/div>\n\t\t<div class=\"elementor-element elementor-element-caf6e91 e-flex e-con-boxed e-con e-parent\" data-id=\"caf6e91\" data-element_type=\"container\">\n\t\t\t\t\t<div class=\"e-con-inner\">\n\t\t\t\t<div class=\"elementor-element elementor-element-0d1a6c0 elementor-widget elementor-widget-heading\" data-id=\"0d1a6c0\" data-element_type=\"widget\" data-widget_type=\"heading.default\">\n\t\t\t\t<div class=\"elementor-widget-container\">\n\t\t\t\t\t<h3 class=\"elementor-heading-title elementor-size-default\">Ladakh et Rupshu<\/h3>\t\t\t\t<\/div>\n\t\t\t\t<\/div>\n\t\t\t\t<div class=\"elementor-element elementor-element-fe57edc elementor-widget elementor-widget-text-editor\" data-id=\"fe57edc\" data-element_type=\"widget\" data-widget_type=\"text-editor.default\">\n\t\t\t\t<div class=\"elementor-widget-container\">\n\t\t\t\t\t\t\t\t\t<p><a href=\"https:\/\/medium.com\/the-travelogue\/lequilibrio-del-silenzio-bb0efe697e2c\" target=\"_blank\" rel=\"noopener\">Lisez le r\u00e9cit de ce voyage dans le magazine en ligne The Travelogue.<\/a><\/p>\t\t\t\t\t\t\t\t<\/div>\n\t\t\t\t<\/div>\n\t\t\t\t\t<\/div>\n\t\t\t\t<\/div>\n\t\t<div class=\"elementor-element elementor-element-d3940a7 e-flex e-con-boxed e-con e-parent\" data-id=\"d3940a7\" data-element_type=\"container\">\n\t\t\t\t\t<div class=\"e-con-inner\">\n\t\t\t\t<div class=\"elementor-element elementor-element-9c866e8 elementor-widget-divider--view-line elementor-widget elementor-widget-divider\" data-id=\"9c866e8\" data-element_type=\"widget\" data-widget_type=\"divider.default\">\n\t\t\t\t<div class=\"elementor-widget-container\">\n\t\t\t\t\t\t\t<div class=\"elementor-divider\">\n\t\t\t<span class=\"elementor-divider-separator\">\n\t\t\t\t\t\t<\/span>\n\t\t<\/div>\n\t\t\t\t\t\t<\/div>\n\t\t\t\t<\/div>\n\t\t\t\t<div class=\"elementor-element elementor-element-37bcb1b elementor-widget elementor-widget-heading\" data-id=\"37bcb1b\" data-element_type=\"widget\" data-widget_type=\"heading.default\">\n\t\t\t\t<div class=\"elementor-widget-container\">\n\t\t\t\t\t<h3 class=\"elementor-heading-title elementor-size-default\">Collaborations historiques et biographiques<\/h3>\t\t\t\t<\/div>\n\t\t\t\t<\/div>\n\t\t\t\t<div class=\"elementor-element elementor-element-14d48b7 elementor-widget elementor-widget-text-editor\" data-id=\"14d48b7\" data-element_type=\"widget\" data-widget_type=\"text-editor.default\">\n\t\t\t\t<div class=\"elementor-widget-container\">\n\t\t\t\t\t\t\t\t\t<p><b>Archivi Riuniti Donne Ticino, Massagno<\/b> &#8211;<b> autrice<\/b> <b>des biographies<\/b> de Nelly Martinetti et Anita Traversi (chanteuses), Fausta Bardin-Strozzi et Rosita Mattei (femmes politiques) ; (2016-2020) ; <\/p><p><blockquote class=\"wp-embedded-content\" data-secret=\"c6fBoQ7pUX\"><a href=\"https:\/\/www.archividonneticino.ch\/fausta-bardin-strozzi-1920-1992\/\">Fausta Bardin-Strozzi (1920 \u2013 1992)<\/a><\/blockquote><iframe class=\"wp-embedded-content\" sandbox=\"allow-scripts\" security=\"restricted\" style=\"position: absolute; visibility: hidden;\" title=\"&#8220;Fausta Bardin-Strozzi (1920 \u2013 1992)&#8221; &#8212; AARDT\" src=\"https:\/\/www.archividonneticino.ch\/fausta-bardin-strozzi-1920-1992\/embed\/#?secret=1gGPVO0PdH#?secret=c6fBoQ7pUX\" data-secret=\"c6fBoQ7pUX\" width=\"600\" height=\"338\" frameborder=\"0\" marginwidth=\"0\" marginheight=\"0\" scrolling=\"no\"><\/iframe><\/p><p><blockquote class=\"wp-embedded-content\" data-secret=\"4w0s5Hom4D\"><a href=\"https:\/\/www.archividonneticino.ch\/traversi-anita-1937-1991\/\">Traversi Anita (1937-1991)<\/a><\/blockquote><iframe class=\"wp-embedded-content\" sandbox=\"allow-scripts\" security=\"restricted\" style=\"position: absolute; visibility: hidden;\" title=\"&#8220;Traversi Anita (1937-1991)&#8221; &#8212; AARDT\" src=\"https:\/\/www.archividonneticino.ch\/traversi-anita-1937-1991\/embed\/#?secret=J1Z2ItVG71#?secret=4w0s5Hom4D\" data-secret=\"4w0s5Hom4D\" width=\"600\" height=\"338\" frameborder=\"0\" marginwidth=\"0\" marginheight=\"0\" scrolling=\"no\"><\/iframe><\/p><p><blockquote class=\"wp-embedded-content\" data-secret=\"GNTe07lV4x\"><a href=\"https:\/\/www.archividonneticino.ch\/martinetti-nella-1946-2011\/\">Martinetti Nella (1946-2011)<\/a><\/blockquote><iframe class=\"wp-embedded-content\" sandbox=\"allow-scripts\" security=\"restricted\" style=\"position: absolute; visibility: hidden;\" title=\"&#8220;Martinetti Nella (1946-2011)&#8221; &#8212; AARDT\" src=\"https:\/\/www.archividonneticino.ch\/martinetti-nella-1946-2011\/embed\/#?secret=5FNYGmrKua#?secret=GNTe07lV4x\" data-secret=\"GNTe07lV4x\" width=\"600\" height=\"338\" frameborder=\"0\" marginwidth=\"0\" marginheight=\"0\" scrolling=\"no\"><\/iframe><\/p><p><blockquote class=\"wp-embedded-content\" data-secret=\"S043dkdsGq\"><a href=\"https:\/\/www.archividonneticino.ch\/mattei-rosita-1919-1998\/\">Mattei Rosita (1919-1998)<\/a><\/blockquote><iframe class=\"wp-embedded-content\" sandbox=\"allow-scripts\" security=\"restricted\" style=\"position: absolute; visibility: hidden;\" title=\"&#8220;Mattei Rosita (1919-1998)&#8221; &#8212; AARDT\" src=\"https:\/\/www.archividonneticino.ch\/mattei-rosita-1919-1998\/embed\/#?secret=VaOtFi3z0M#?secret=S043dkdsGq\" data-secret=\"S043dkdsGq\" width=\"600\" height=\"338\" frameborder=\"0\" marginwidth=\"0\" marginheight=\"0\" scrolling=\"no\"><\/iframe><\/p><p>La biographie de Rosita Mattei est publi\u00e9e dans le livre <i>Enfin citoyens<\/i> publi\u00e9 par l&rsquo;AARDT.  <\/p><p><i>Poupiot \u00e0 l&rsquo;\u00e9cole des omelettes<\/i> &#8211; dessin anim\u00e9 pr\u00e9sent\u00e9 aux festivals Black Movie de Gen\u00e8ve, Kinoklub de Katowice (2019) et Nancy (2020) (<u><a id=\"OWA517a6a94-985d-b4ab-236c-57f151ce5d76\" class=\"Hyperlink SCXW71023151 BCX0 OWAAutoLink\" href=\"https:\/\/vimeo.com\/292561248\" target=\"_blank\" rel=\"noreferrer noopener\">https:\/\/vimeo.com\/292561248<\/a><\/u> )  <\/p>\t\t\t\t\t\t\t\t<\/div>\n\t\t\t\t<\/div>\n\t\t\t\t\t<\/div>\n\t\t\t\t<\/div>\n\t\t<div class=\"elementor-element elementor-element-791e763 e-flex e-con-boxed e-con e-parent\" data-id=\"791e763\" data-element_type=\"container\">\n\t\t\t\t\t<div class=\"e-con-inner\">\n\t\t\t\t<div class=\"elementor-element elementor-element-50fcb02 elementor-widget-divider--view-line elementor-widget elementor-widget-divider\" data-id=\"50fcb02\" data-element_type=\"widget\" data-widget_type=\"divider.default\">\n\t\t\t\t<div class=\"elementor-widget-container\">\n\t\t\t\t\t\t\t<div class=\"elementor-divider\">\n\t\t\t<span class=\"elementor-divider-separator\">\n\t\t\t\t\t\t<\/span>\n\t\t<\/div>\n\t\t\t\t\t\t<\/div>\n\t\t\t\t<\/div>\n\t\t\t\t<div class=\"elementor-element elementor-element-d273fff elementor-widget elementor-widget-heading\" data-id=\"d273fff\" data-element_type=\"widget\" data-widget_type=\"heading.default\">\n\t\t\t\t<div class=\"elementor-widget-container\">\n\t\t\t\t\t<h3 class=\"elementor-heading-title elementor-size-default\">Articles litt\u00e9raires, blogs, multim\u00e9dia et publications<\/h3>\t\t\t\t<\/div>\n\t\t\t\t<\/div>\n\t\t\t\t<div class=\"elementor-element elementor-element-0e14d11 elementor-widget elementor-widget-text-editor\" data-id=\"0e14d11\" data-element_type=\"widget\" data-widget_type=\"text-editor.default\">\n\t\t\t\t<div class=\"elementor-widget-container\">\n\t\t\t\t\t\t\t\t\t<p>Blog <i>Voci dal silenzio<\/i> (fondatrice et autrice) <u><a id=\"OWAe3ad2f3f-943f-b122-cef0-9c5d98fa17fd\" class=\"Hyperlink SCXW71023151 BCX0 OWAAutoLink\" href=\"http:\/\/www.manuelabonfanti.wordpress.com\/\" target=\"_blank\" rel=\"noreferrer noopener\">www.manuelabonfanti.wordpress.com<\/a><\/u> <\/p><p>Webzine de r\u00e9cits de voyage <i>The Travelogue<\/i> <b>(<\/b>co-fondatrice et autrice) <u><a id=\"OWA8f87f1e7-f1f9-14ca-1cbb-4c9eb73b0a77\" class=\"Hyperlink SCXW71023151 BCX0 OWAAutoLink\" href=\"https:\/\/medium.com\/the-travelogue\" target=\"_blank\" rel=\"noreferrer noopener\">https:\/\/medium.com\/the-travelogue<\/a><\/u><\/p><p>Collaboratrice du magazine litt\u00e9raire <i>Il Colophon<\/i> (<u><a id=\"OWAf5187bc0-936b-f662-be3b-fc52934a3472\" class=\"Hyperlink SCXW71023151 BCX0 OWAAutoLink\" href=\"https:\/\/medium.com\/@ilcolophon\" target=\"_blank\" rel=\"noreferrer noopener\">https:\/\/medium.com\/@thecolophon<\/a><\/u>), <i>Leggere Donna<\/i> (2013-18) et pages culturelles <i>Giornale del Popolo<\/i> (2001-12) <\/p>\t\t\t\t\t\t\t\t<\/div>\n\t\t\t\t<\/div>\n\t\t\t\t\t<\/div>\n\t\t\t\t<\/div>\n\t\t<div class=\"elementor-element elementor-element-815d152 e-flex e-con-boxed e-con e-parent\" data-id=\"815d152\" data-element_type=\"container\">\n\t\t\t\t\t<div class=\"e-con-inner\">\n\t\t\t\t<div class=\"elementor-element elementor-element-fc86024 elementor-widget-divider--view-line elementor-widget elementor-widget-divider\" data-id=\"fc86024\" data-element_type=\"widget\" data-widget_type=\"divider.default\">\n\t\t\t\t<div class=\"elementor-widget-container\">\n\t\t\t\t\t\t\t<div class=\"elementor-divider\">\n\t\t\t<span class=\"elementor-divider-separator\">\n\t\t\t\t\t\t<\/span>\n\t\t<\/div>\n\t\t\t\t\t\t<\/div>\n\t\t\t\t<\/div>\n\t\t\t\t<div class=\"elementor-element elementor-element-b01ca79 elementor-widget elementor-widget-heading\" data-id=\"b01ca79\" data-element_type=\"widget\" data-widget_type=\"heading.default\">\n\t\t\t\t<div class=\"elementor-widget-container\">\n\t\t\t\t\t<h3 class=\"elementor-heading-title elementor-size-default\">M'ont fait confiance<\/h3>\t\t\t\t<\/div>\n\t\t\t\t<\/div>\n\t\t\t\t<div class=\"elementor-element elementor-element-4778a41 elementor-widget elementor-widget-text-editor\" data-id=\"4778a41\" data-element_type=\"widget\" data-widget_type=\"text-editor.default\">\n\t\t\t\t<div class=\"elementor-widget-container\">\n\t\t\t\t\t\t\t\t\t<p>UNI3, Geneve<br>MDA50+, Geneve<br>Libreria Delphica, Ginevra<br>Uni3 &#8211; ATTE, Tessin<\/p>\t\t\t\t\t\t\t\t<\/div>\n\t\t\t\t<\/div>\n\t\t\t\t\t<\/div>\n\t\t\t\t<\/div>\n\t\t\t\t<\/div>\n\t\t","protected":false},"excerpt":{"rendered":"<p>Voleuse de m\u00e9moires. Histoires d&rsquo;Alzheimer et d&rsquo;autres maladies neurod\u00e9g\u00e9n\u00e9ratives oct. 2025 &#8211; pr\u00e9sentation sur www.agevillage.com\/actualites\/g\u00e9ographie-de-loubli-voleuse-de-m\u00e9moire-deux-livres-singuliers-autour-de-la-maladie-dalzheimer f\u00e9v. 2026 &#8211; cha\u00eene YouTube de la maison d&rsquo;\u00e9dition &nbsp;(Litt\u00e9rature, Cr\u00e9ation litt\u00e9raire) Voleuse de m\u00e9moires &#8211; Manuela Bonfanti &#8211; YouTube Autoritratti di signora 6.3.2025 &#8211; Tra le righe &#8211; interview radio Rete 1 1.5.2025 &#8211; Alphaville &#8211; interview radio Rete [&hellip;]<\/p>\n","protected":false},"author":1,"featured_media":0,"parent":0,"menu_order":0,"comment_status":"closed","ping_status":"closed","template":"elementor_header_footer","meta":{"om_disable_all_campaigns":false,"_monsterinsights_skip_tracking":false,"_monsterinsights_sitenote_active":false,"_monsterinsights_sitenote_note":"","_monsterinsights_sitenote_category":0,"footnotes":""},"class_list":["post-13522","page","type-page","status-publish","hentry"],"aioseo_notices":[],"_links":{"self":[{"href":"https:\/\/boboyaga.ch\/fr\/wp-json\/wp\/v2\/pages\/13522","targetHints":{"allow":["GET"]}}],"collection":[{"href":"https:\/\/boboyaga.ch\/fr\/wp-json\/wp\/v2\/pages"}],"about":[{"href":"https:\/\/boboyaga.ch\/fr\/wp-json\/wp\/v2\/types\/page"}],"author":[{"embeddable":true,"href":"https:\/\/boboyaga.ch\/fr\/wp-json\/wp\/v2\/users\/1"}],"replies":[{"embeddable":true,"href":"https:\/\/boboyaga.ch\/fr\/wp-json\/wp\/v2\/comments?post=13522"}],"version-history":[{"count":17,"href":"https:\/\/boboyaga.ch\/fr\/wp-json\/wp\/v2\/pages\/13522\/revisions"}],"predecessor-version":[{"id":13836,"href":"https:\/\/boboyaga.ch\/fr\/wp-json\/wp\/v2\/pages\/13522\/revisions\/13836"}],"wp:attachment":[{"href":"https:\/\/boboyaga.ch\/fr\/wp-json\/wp\/v2\/media?parent=13522"}],"curies":[{"name":"wp","href":"https:\/\/api.w.org\/{rel}","templated":true}]}}